{"version":"1.0","provider_name":"Az \u00e9let sz\u00e9p...","provider_url":"https:\/\/eletszep.cafeblog.hu","author_name":"F\u00fcleske","author_url":"https:\/\/eletszep.cafeblog.hu\/author\/fuleske\/","title":"\u00c9v v\u00e9ge","html":"<P style=\"TEXT-ALIGN: justify\"><SPAN style=\"FONT-FAMILY: Times New Roman\"><SPAN style=\"FONT-SIZE: 12px\"><SPAN style=\"FONT-SIZE: 12px\">&nbsp;<\/SPAN><\/SPAN><\/SPAN>\r\n<META content=Word.Document name=ProgId>\r\n<META content=\"Microsoft Word 10\" name=Generator>\r\n<META content=\"Microsoft Word 10\" name=Originator><LINK href=\"file:\/\/\/C:%5CDOCUME%7E1%5CCapi%5CLOCALS%7E1%5CTemp%5Cmsohtml1%5C01%5Cclip_filelist.xml\" rel=File-List>\r\n<STYLE> <!--  \/* Font Definitions *\/  @font-face \t{font-family:Wingdings; \tpanose-1:5 0 0 0 0 0 0 0 0 0; \tmso-font-charset:2; \tmso-generic-font-family:auto; \tmso-font-pitch:variable; \tmso-font-signature:0 268435456 0 0 -2147483648 0;}  \/* Style Definitions *\/  p.MsoNormal, li.MsoNormal, div.MsoNormal \t{mso-style-parent:\"\"; \tmargin:0cm; \tmargin-bottom:.0001pt; \tmso-pagination:widow-orphan; \tfont-size:12.0pt; \tfont-family:\"Times New Roman\"; \tmso-fareast-font-family:\"Times New Roman\";} @page Section1 \t{size:595.3pt 841.9pt; \tmargin:70.85pt 70.85pt 70.85pt 70.85pt; \tmso-header-margin:35.4pt; \tmso-footer-margin:35.4pt; \tmso-paper-source:0;} div.Section1 \t{page:Section1;} --> <\/STYLE>\r\n<SPAN style=\"FONT-SIZE: 12px; FONT-FAMILY: Times New Roman\">Olyan k\u00fcl\u00f6n\u00f6s, hogy mire, hogyan, mir\u0151l eml\u00e9kez\u00fcnk, nem? Tudom, sokat emlegetem a m\u00faltat, tal\u00e1n ez a j\u00f6v\u0151t\u0151l val\u00f3 f\u00e9lelmemb\u0151l fakad. De ez vagyok \u00e9n. Sz\u00f3val, eml\u00e9kszel m\u00e9g az els\u0151 szerelmes \u00e9rint\u00e9sre, mely \u00e9rz\u00e9keid \u0151r\u00fcletbe kergette, nem is kellett semminek t\u00f6rt\u00e9nnie igaz\u00e1n a csod\u00e1hoz? Hogy egy dalr\u00f3l jusson ez eszembe, \u00e9s jobban eml\u00e9kezzek r\u00e1, mint arra az els\u0151 \u00e9jszak\u00e1ra, amikor igaz\u00e1n egy\u00fctt voltam egy fi\u00faval. \u00c9s az els\u0151 cs\u00f3k, lehet nem is a legels\u0151, de m\u00e9gis ajkamon \u00e9rzem \u00e9rint\u00e9s\u00e9t, megborzongok behunyva a szemem arra a csikland\u00f3s pillanatra gondolva, pedig a fi\u00fa tal\u00e1n m\u00e1r a nevemre sem eml\u00e9kszik. Ilyesmik jutnak most eszembe, mert \u00e9ppen nagyon r\u00e1\u00e9rek. <\/SPAN>\r\n<P class=MsoNormal><SPAN style=\"FONT-SIZE: 12px; FONT-FAMILY: Times New Roman\">Amikor tanulni k\u00e9ne, az ember mindig nagyon r\u00e1\u00e9r :) \u2026 Meg am\u00fagy is k\u00e9nyszer pihen\u0151re vagyok \u00edt\u00e9lve, nem \u00fasztam meg a t\u00e1pp\u00e9nz sz\u00e9ps\u00e9geit: k\u00e9t \u00e9s f\u00e9l \u00e9v ut\u00e1n ezt is ki kell pr\u00f3b\u00e1lni. Persze, ha nagyon tiltakoztam volna\u2026 <\/SPAN><\/P>\r\n<P class=MsoNormal><SPAN style=\"FONT-SIZE: 12px; FONT-FAMILY: Times New Roman\">Az \u00fcnnepek k\u00e9t hete nagyon gyorsan eltelt, de j\u00f3 volt v\u00e9gre kiszakadni. \u00c9s m\u00e1r azt hiszem nagyon hi\u00e1nyozna ez az \u00e1lland\u00f3 utaz\u00e1s, annak ellen\u00e9re, hogy folyton ezt szidom. Ugyanis most sem telhetett volna m\u00e1sk\u00e9pp a kar\u00e1csony, minthogy megtegy\u00fcnk egy p\u00e1r sz\u00e1z kilom\u00e9tert. M\u00e1r 23-\u00e1n elment\u00fcnk a Kedves anyuk\u00e1j\u00e1hoz, miut\u00e1n \u00e9n h\u00e9tf\u0151n Kecskem\u00e9ten h\u00e1rom t\u00e1rgyb\u00f3l is levizsg\u00e1ztam. Nem kell \u00e1m megijedni, az\u00e9rt t\u00fal\u00e9ltem valahogyan. K\u00e9t napot t\u00f6lt\u00f6tt\u00fcnk el csendesk\u00e9n, pihen\u00e9ssel, f\u0151z\u0151csk\u00e9zve. Most m\u00e1r mivel tudtam mire sz\u00e1m\u00edtsak, nem viselt meg annyira szenteste ez a \u201eprogram\u201d, hogy ugyan\u00fagy zajl\u00f3djon le ez az este is, mint b\u00e1rmelyik m\u00e1sik az \u00e9vben, csak feh\u00e9r abrosszal, porcel\u00e1n \u00e9tk\u00e9szlettel. De be kell valljam, m\u00e1r alig v\u00e1rtam, hogy haza\u00e9rj\u00fcnk, \u00e9s ez nem sz\u00e9p t\u0151lem. \u00c9s az is olyan r\u00f6vid id\u0151 volt, de nem vagyok telhetetlen! Besz\u00e9lgett\u00fcnk, j\u00e1tszottunk, f\u0151zt\u00fcnk, vend\u00e9gsereget fogadtunk, zajlott az \u00e9let, hozott sok minden a fa al\u00e1 a J\u00e9zuska. \u00cdgy telt a Kar\u00e1csony, felem\u00e1san, pr\u00f3b\u00e1ltunk mindenkinek a kedv\u00e9re tenni. Azt\u00e1n hazaj\u00f6tt\u00fcnk, pihenni, dolgozni egy-k\u00e9t napot, hogy megint mehess\u00fcnk valahov\u00e1 <\/SPAN><SPAN style=\"FONT-FAMILY: Wingdings\"><SPAN style=\"FONT-SIZE: 12px; FONT-FAMILY: Times New Roman\">:)<\/SPAN><\/SPAN><SPAN style=\"FONT-SIZE: 12px; FONT-FAMILY: Times New Roman\">. Ugyanis a Szilvesztert K\u0151szegen t\u00f6lt\u00f6tt\u00fck. \u00c9s megint csak azt kell mondjam, nagyon r\u00f6vid volt, mert ez a v\u00e1ros gy\u00f6ny\u00f6r\u0171. 30-\u00e1n \u00e9rkezt\u00fcnk, sajnos m\u00e1r s\u00f6t\u00e9tben, \u00e9s kem\u00e9ny fagyban. De ez nem szegte kedv\u00fcnk, j\u00f3l fel\u00f6lt\u00f6zve nekiv\u00e1gtunk a nem t\u00fal nagy, de ann\u00e1l csod\u00e1latosabb belv\u00e1rosnak. Keresztbe-kasul bej\u00e1rtuk, az \u00fcnnepi f\u00e9nyek m\u00e9g var\u00e1zslatosabb\u00e1 tett\u00e9k a kis utc\u00e1kat, \u00f3don falakat, \u00f6sszeb\u00fajva bolyongtunk keresve a sz\u00e9lv\u00e9dettebb zugokat. V\u00e9g\u00fcl, amikor m\u00e1r el\u00e9gg\u00e9 \u00e1tf\u00e1ztunk, forralt borral \u00e9s egy finom vacsor\u00e1val melengett\u00fcnk magunkat. A szob\u00e1nk sr\u00e9gan a Jurisics-v\u00e1rra n\u00e9zett, vastag falai k\u00f6zt pihent\u00fck ki az utaz\u00e1st. M\u00e1snap m\u00e9g a Nap is kis\u00fct\u00f6tt n\u00e9ha-n\u00e9ha, b\u00e1r a fagy nem engedett, ahogyan bej\u00e1rtuk a K\u00e1lv\u00e1ria-hegyet, eljutottunk az \u00d3h\u00e1z-kil\u00e1t\u00f3hoz, \u00e9s a H\u00e9tvez\u00e9r forr\u00e1st\u00f3l nem messze megtal\u00e1ltuk aznapi harmadik geol\u00e1d\u00e1nkat. Nagyon sz\u00e9p t\u00far\u00e1t tett\u00fcnk, csak j\u00f3l siker\u00fclt \u00e1tf\u00e1zni. Szilveszter \u00e9jszak\u00e1ja \u00edgy nem tartott sz\u00e1munkra t\u00fal hosszan, egy hangulatos vend\u00e9gl\u0151ben vacsor\u00e1ztunk, hallgattuk az egyszem\u00e9lyes \u201ezenekart\u201d, t\u00f6bbet is t\u00e1ncoltunk volna, ha a helyi k\u00f6z\u00f6ns\u00e9g nem a mulat\u00f3s-lakodalmas n\u00f3t\u00e1kat k\u00e9rte volna olyan nagy el\u0151szeretettel folyton. M\u00e1snap m\u00e1r \u00e9reztem \u00e9n, hogy baj lesz, de h\u00e1t ott voltunk a K\u0151szegi-hegys\u00e9g l\u00e1b\u00e1n\u00e1l, nem lehetett m\u00e9g haza indulni, nem igaz? Az \u00cdrottk\u0151re indultunk el Velemb\u0151l. Aut\u00f3val szerett\u00fcnk volna egy darabig eljutni, hogy ne kelljen annyit gyalogolni, de azt\u00e1n annyira s\u00edkos lett az \u00fat az els\u0151 500 m\u00e9teren, hogy l\u00e1bbuszra v\u00e1ltottunk. Felkapaszkodtunk a Szent-Vid k\u00e1poln\u00e1hoz, majd onnan az Asztal-k\u0151h\u00f6z, \u00e9rintve a Sz\u00e9n\u00e9get\u0151k forr\u00e1s\u00e1t, \u00e9s az Apostolok f\u00e1j\u00e1t, begy\u0171jtve a geol\u00e1d\u00e1kat, \u00e9s sz\u00e9pen ment\u00fcnk fel, egyre feljebb az \u00cdrottk\u0151re. Ahogy emelkedt\u00fcnk, egyre nagyobb lett a h\u00f3, \u00e9s a z\u00fazmara is a f\u00e1kon, a Nap megragyogtatta a t\u00e1jat, az \u00e9g lehetetlen k\u00e9kben j\u00e1tszott, \u00e9s ez\u00e9rt,no ez\u00e9rt a l\u00e1tv\u00e1ny\u00e9rt meg\u00e9rte megbetegedni, \u00e9n azt mondom, mert olyan volt, mintha t\u00fcnd\u00e9rorsz\u00e1gba cs\u00f6ppent\u00fcnk volna. Az utols\u00f3 szakaszt m\u00e1r el\u00e9g nehezen, de legy\u0171rt\u00fck, a kil\u00e1t\u00f3b\u00f3l pedig a j\u00e9gorsz\u00e1gg\u00e1 fagyott hat\u00e1r t\u00e1rult a szem\u00fcnk el\u00e9. Lefel\u00e9 sokkal gyorsabban haladtunk, hogy azt\u00e1n sajn\u00e1lkozva hazainduljunk. Azt mondj\u00e1k, az ember azt csin\u00e1lja az \u00e9vben, amit az els\u0151 nap, h\u00e1t ha ennyi minden sz\u00e9ps\u00e9g t\u00f6rt\u00e9nik majd vel\u00fcnk, akkor nagyon sz\u00e9p \u00e9v\u00fcnk lesz. Azt viszont rem\u00e9lem, hogy ez a babona a haza\u00e9rkez\u00e9st k\u00f6vet\u0151 l\u00e1zas \u00e9jszak\u00e1ra m\u00e1r nem vonatkozik. J\u00f3l r\u00e1 is ijesztettem a Kedvesre, hogy m\u00e1r az \u00fcgyelet sz\u00e1m\u00e1t is ki\u00edrta, de felh\u00edvni nem kellett, egy er\u0151s l\u00e1zcsillap\u00edt\u00f3 megoldotta a dolgot. Az\u00f3ta pedig t\u00f6bb\u00e9-kev\u00e9sb\u00e9 v\u00edzszintben t\u00f6lt\u00f6m az \u00faj\u00e9vet, kicsit kezdem is unni, f\u0151leg, hogy vizsg\u00e1znom is kellett volna m\u00e1r Kecskem\u00e9ten.<\/SPAN><\/P>\r\n<P><\/P>","type":"rich"}